{"id":3691,"date":"2021-03-21T13:59:06","date_gmt":"2021-03-21T12:59:06","guid":{"rendered":"https:\/\/sciences.brussels\/printemps\/?post_type=projet-expo&#038;p=3691"},"modified":"2021-03-24T12:37:39","modified_gmt":"2021-03-24T11:37:39","slug":"cannabis-ami-ou-ennemi-de-la-depression","status":"publish","type":"projet-expo","link":"https:\/\/sciences.brussels\/printemps\/projet-expo\/cannabis-ami-ou-ennemi-de-la-depression\/","title":{"rendered":"Cannabis, ami ou ennemi de la d\u00e9pression ?"},"content":{"rendered":"<p><span data-sheets-value=\"{&quot;1&quot;:2,&quot;2&quot;:&quot;Ces derni\u00e8res ann\u00e9es on entend beaucoup parler du cannabis qui serait un rem\u00e8de \u201cmiracle\u201d contre certaines maladies. En parall\u00e8le, dans les pays occidentaux, la pression pour l\u00e9galiser le cannabis augmente. Afin de comprendre si cette drogue \u00e9tait vraiment plus b\u00e9n\u00e9fique que nocive nous avons choisi d\u2019analyser une maladie mentale qui touche une grande partie de la population mondiale : la d\u00e9pression. Nous avons essay\u00e9 de comprendre comment et pourquoi elle se d\u00e9veloppait et de quelle fa\u00e7on le cannabis, ou plus pr\u00e9cis\u00e9ment les cannabino\u00efdes, pouvaient aider les patients atteints de cette pathologie neuropsychiatrique.&quot;}\" data-sheets-userformat=\"{&quot;2&quot;:15041,&quot;3&quot;:{&quot;1&quot;:0},&quot;9&quot;:1,&quot;10&quot;:1,&quot;12&quot;:0,&quot;14&quot;:{&quot;1&quot;:2,&quot;2&quot;:0},&quot;15&quot;:&quot;Arial&quot;,&quot;16&quot;:10}\">Ces derni\u00e8res ann\u00e9es on entend beaucoup parler du cannabis qui serait un rem\u00e8de \u201cmiracle\u201d contre certaines maladies. En parall\u00e8le, dans les pays occidentaux, la pression pour l\u00e9galiser le cannabis augmente. Afin de comprendre si cette drogue \u00e9tait vraiment plus b\u00e9n\u00e9fique que nocive nous avons choisi d\u2019analyser une maladie mentale qui touche une grande partie de la population mondiale : la d\u00e9pression. Nous avons essay\u00e9 de comprendre comment et pourquoi elle se d\u00e9veloppait et de quelle fa\u00e7on le cannabis, ou plus pr\u00e9cis\u00e9ment les cannabino\u00efdes, pouvaient aider les patients atteints de cette pathologie neuropsychiatrique.<\/span><\/p>\n","protected":false},"template":"","categorie-exo":[133,129,134],"class_list":["post-3691","projet-expo","type-projet-expo","status-publish","hentry","categorie-exo-faculte-de-medecine","categorie-exo-sciences-biomedicales","categorie-exo-ulb","description-off"],"_links":{"self":[{"href":"https:\/\/sciences.brussels\/printemps\/wp-json\/wp\/v2\/projet-expo\/3691"}],"collection":[{"href":"https:\/\/sciences.brussels\/printemps\/wp-json\/wp\/v2\/projet-expo"}],"about":[{"href":"https:\/\/sciences.brussels\/printemps\/wp-json\/wp\/v2\/types\/projet-expo"}],"wp:attachment":[{"href":"https:\/\/sciences.brussels\/printemps\/wp-json\/wp\/v2\/media?parent=3691"}],"wp:term":[{"taxonomy":"categorie-exo","embeddable":true,"href":"https:\/\/sciences.brussels\/printemps\/wp-json\/wp\/v2\/categorie-exo?post=3691"}],"curies":[{"name":"wp","href":"https:\/\/api.w.org\/{rel}","templated":true}]}}