{"id":3916,"date":"2021-12-02T16:02:57","date_gmt":"2021-12-02T15:02:57","guid":{"rendered":"https:\/\/sciences.brussels\/printemps\/?page_id=3916"},"modified":"2026-03-16T10:58:57","modified_gmt":"2026-03-16T09:58:57","slug":"expo-exposants","status":"publish","type":"page","link":"https:\/\/sciences.brussels\/printemps\/expo-exposants\/","title":{"rendered":"Exposition des Sciences &#8211; 25 ans de culture scientifique"},"content":{"rendered":"<div class=\"wpb-content-wrapper\">[vc_row margin_top=\u00a0\u00bb0&Prime; margin_bottom=\u00a0\u00bb0&Prime; css=\u00a0\u00bb.vc_custom_1606313736243{margin-bottom: 0px !important;}\u00a0\u00bb][vc_column width=\u00a0\u00bb2\/3&Prime; css=\u00a0\u00bb.vc_custom_1761662962292{background-color: rgba(0,0,0,0.6) !important;*background-color: rgb(0,0,0) !important;border-radius: 3px !important;}\u00a0\u00bb][vc_column_text css=\u00a0\u00bb\u00a0\u00bb]\n<h2>L&rsquo;exposition des Sciences<\/h2>\n<h3>Une exposition de projets \u00e9tudiants<\/h3>\n<p>L\u2019Exposition des Sciences pr\u00e9sente des projets con\u00e7us par des \u00e9tudiants de l\u2019ULB et des Hautes \u00c9coles. Permettant la rencontre entre les visiteurs et les jeunes scientifiques, l\u2019exposition vous propose de d\u00e9couvrir les multiples facettes des diff\u00e9rentes disciplines de la science, \u00e0 travers de nombreuses d\u00e9monstrations et exp\u00e9rimentations, souvent ludiques.<\/p>\n<h2>Informations pour les exposants<\/h2>\n<h3>Ce que l&rsquo;on attend de vous<\/h3>\n<p>En accord avec vos titulaires, vous d\u00e9veloppez par groupe un projet scientifique \u00e0 pr\u00e9senter au public. Le th\u00e8me de cette ann\u00e9e est \u00ab\u00a025 ans de culture scientifique\u00a0\u00bb<\/p>\n<ul>\n<li>Pr\u00e9sentation du projet durant l\u2019Exposition des Sciences (1 semaine, dans le cadre du Printemps des Sciences, du 23 au 29 mars 2026)<\/li>\n<li>R\u00e9alisation de posters pr\u00e9sentant le projet qui seront affich\u00e9s durant le printemps des sciences<\/li>\n<li>R\u00e9alisation d\u2019un document p\u00e9dagogique \u00e0 destination des enseignants du secondaire pr\u00e9sentant le projet (1 \u00e0 2 pages A4)<\/li>\n<\/ul>\n<p>Certaines sections demandent \u00e9galement la r\u00e9alisation d&rsquo;une vid\u00e9o :<\/p>\n<ul>\n<li>R\u00e9alisation d\u2019une vid\u00e9o grand public pr\u00e9sentant le projet, d\u2019une dur\u00e9e maximale de 5 minutes (uniquement si votre responsable acad\u00e9mique vous le demande)<\/li>\n<\/ul>\n<p>Le public vis\u00e9 est principalement scolaire (de la 5<sup>e<\/sup> primaire \u00e0 la 6<sup>e<\/sup> secondaire)<\/p>\n<p>Le Printemps des Sciences a usuellement un public plus familial et\/ou de passionn\u00e9s durant le week-end.[\/vc_column_text][vc_column_text css=\u00a0\u00bb.vc_custom_1708618262472{border-radius: 1px !important;}\u00a0\u00bb]Nous pr\u00e9sentons sur cette page les consignes g\u00e9n\u00e9rales pour votre participation \u00e0 l&rsquo;Exposition des Sciences.<\/p>\n<p>Les consignes sp\u00e9cifiques \u00e0 chaque section peuvent \u00eatre l\u00e9g\u00e8rement diff\u00e9rentes et nous vous invitons \u00e0 contacter votre coordinateur.[\/vc_column_text][vc_column_text css=\u00a0\u00bb.vc_custom_1761739660519{border-radius: 1px !important;}\u00a0\u00bb]\n<h3>Vademecum<\/h3>\n<p>Le vademecum contient des informations d\u00e9taill\u00e9es sur les proc\u00e9dures \u00e0 suivre pour la bonne organisation de votre stand durant l&rsquo;exposition et le remboursement des \u00e9ventuelles d\u00e9penses. <a href=\"https:\/\/sciences.brussels\/printemps\/wp-content\/uploads\/sites\/2\/2025\/10\/Vademecum-Expo-des-sciences-2026.pdf\">T\u00e9l\u00e9chargez le en cliquant ici : https:\/\/sciences.brussels\/printemps\/wp-content\/uploads\/sites\/2\/2025\/10\/Vademecum-Expo-des-sciences-2026.pdf<\/a>[\/vc_column_text][vc_tta_accordion style=\u00a0\u00bbflat\u00a0\u00bb shape=\u00a0\u00bbsquare\u00a0\u00bb color=\u00a0\u00bbviolet\u00a0\u00bb spacing=\u00a0\u00bb5&Prime; gap=\u00a0\u00bb10&Prime; active_section=\u00a0\u00bb10&Prime; no_fill=\u00a0\u00bbtrue\u00a0\u00bb collapsible_all=\u00a0\u00bbtrue\u00a0\u00bb][vc_tta_section title=\u00a0\u00bbPosters\u00a0\u00bb tab_id=\u00a0\u00bb1638458246698-6a147453-b81d\u00a0\u00bb][vc_column_text css=\u00a0\u00bb\u00a0\u00bb]\n<h2>Consignes d\u00e9taill\u00e9es pour la r\u00e9alisation des posters<\/h2>\n<p class=\" justify\">Chaque groupe pourra pr\u00e9senter deux posters A0, r\u00e9dig\u00e9s sous forme tr\u00e8s vulgaris\u00e9e.<\/p>\n<h4>R\u00e9alisation<\/h4>\n<p>Les posters doivent \u00eatre r\u00e9alis\u00e9s sur Microsoft Powerpoint en utilisant le mod\u00e8le correspondant \u00e0 votre facult\u00e9\/institution (\u00e0 l&rsquo;exception des groupes devant travailler sur LaTeX sur consignes du titulaire de cours).<\/p>\n<p>Mod\u00e8le pour la Facult\u00e9 des Sciences : <a href=\"https:\/\/sciences.brussels\/docs\/PDS26\/2026_Sciences.pptx\">https:\/\/sciences.brussels\/docs\/PDS26\/2026_Sciences.pptx<\/a><\/p>\n<p>Mod\u00e8le pour la Facult\u00e9 de M\u00e9decine : <a href=\"https:\/\/sciences.brussels\/docs\/PDS26\/2026_BIME.pptx\">https:\/\/sciences.brussels\/docs\/PDS26\/2026_BIME.pptx<\/a><\/p>\n<p>Mod\u00e8le pour l&rsquo;\u00c9cole Polytechnique de Bruxelles : <a href=\"https:\/\/sciences.brussels\/docs\/PDS26\/2026_EPB.pptx\">https:\/\/sciences.brussels\/docs\/PDS26\/2026_EPB.pptx<\/a><\/p>\n<p>Mod\u00e8le pour l&rsquo;\u00c9cole de Bioing\u00e9nierie de Bruxelles : <a href=\"https:\/\/sciences.brussels\/docs\/PDS26\/2026_EBB.pptx\">https:\/\/sciences.brussels\/docs\/PDS26\/2026_EBB.pptx<\/a><\/p>\n<p>La <b>police de caract\u00e8res <\/b>que vous devez employer est le<b> \u00ab\u00a0CabinetGrotesk\u00a0\u00bb <\/b>que vous pouvez t\u00e9l\u00e9charger ici :<\/p>\n<p><a href=\"https:\/\/sciences.brussels\/\/docs\/PDS23\/CabinetGrotesk-Variable.ttf\">https:\/\/sciences.brussels\/\/docs\/PDS23\/CabinetGrotesk-Variable.ttf<\/a><\/p>\n<p>L&rsquo;installation est tr\u00e8s simple tant sur Mac OS que sur Windows : ouvrez le fichier (double clic) et cliquez sur \u00ab\u00a0Installer\u00a0\u00bb. Il s&rsquo;agit d&rsquo;une police libre de droits.<\/p>\n<p class=\" justify\">Les posters seront mis en ligne durant le Printemps des Sciences. Soyez donc attentifs \u00e0 bien respecter les droits relatifs aux images utilis\u00e9es et \u00e0 faire les citations selon les normes en vigueur pour les publications papier.<\/p>\n<h4>Vulgarisation<\/h4>\n<p>Ne pas perdre de vue que l&rsquo;Exposition des Sciences est un \u00e9v\u00e9nement de diffusion de la culture scientifique qui s&rsquo;adresse aux \u00e9l\u00e8ves de l&rsquo;enseignement secondaire et au grand public.<\/p>\n<div id=\"bloc:N10CBD\">\n<div id=\"blocContainer:N10CBD\" class=\"blocStyle\">\n<div>\n<div id=\"blocContent:N10CBD\">\n<div id=\"blocData:N10CBD\">\n<p class=\" justify\">Les posters doivent donc \u00eatre concis, avec des messages bien structur\u00e9s sur 3 niveaux :<\/p>\n<ul>\n<li class=\" justify\">la pr\u00e9sentation du probl\u00e8me pos\u00e9,<\/li>\n<li class=\" justify\">la description du projet, de l&rsquo;exp\u00e9rience r\u00e9alis\u00e9e,<\/li>\n<li class=\" justify\">les conclusions.<\/li>\n<\/ul>\n<p class=\" justify\">Deux niveaux de lecture sont souvent utiles.<\/p>\n<h4>Impressions des posters<\/h4>\n<p>Vos posters seront imprim\u00e9s par Inforsciences et seront disponibles pour votre installation \u00e0 l&rsquo;Exposition des Sciences<\/p>\n<\/div>\n<\/div>\n<\/div>\n<\/div>\n<\/div>\n<div id=\"ConnectiveDocSignExtentionInstalled\" data-extension-version=\"1.0.4\"><\/div>\n[\/vc_column_text][\/vc_tta_section][vc_tta_section title=\u00a0\u00bbImage et documents textes\u00a0\u00bb tab_id=\u00a0\u00bb1613656921514-7802daad-d9d5&Prime;][vc_column_text css=\u00a0\u00bb.vc_custom_1638458720137{padding-top: 20px !important;padding-right: 20px !important;padding-bottom: 20px !important;padding-left: 20px !important;}\u00a0\u00bb]\n<ul>\n<li>Un\u00a0<strong>texte r\u00e9sum\u00e9 de quelques lignes<\/strong>\u00a0qui servira d\u2019accroche pour votre vid\u00e9o, accompagn\u00e9 d\u2019une\u00a0<strong>image libre de droit<\/strong>\u00a0(id\u00e9alement une photo de votre dispositif exp\u00e9rimental).<\/li>\n<li>Un\u00a0<strong>document plus d\u00e9taill\u00e9 d\u2019une ou deux pages A4<\/strong>\u00a0qui pourra servir aux enseignants qui souhaiteraient introduire votre pr\u00e9sentation.<\/li>\n<\/ul>\n[\/vc_column_text][vc_column_text]\n<h3>Texte r\u00e9sum\u00e9 de quelques lignes<\/h3>\n<p>Ce texte de 200 \u00e0 400 caract\u00e8res (espaces compris) servira d&rsquo;accroche sur le site. Il est donc important de donner envie au visiteur d&rsquo;en savoir plus.<\/p>\n<h3>Image libre de droit<\/h3>\n<p>Id\u00e9alement une belle photo\/illustration de votre dispositif exp\u00e9rimental ou, \u00e0 d\u00e9faut, une image d&rsquo;illustration libre de droit.<\/p>\n<p>Vous pouvez chercher une image d&rsquo;illustration dans les banques de photos libres de droit telles que <a href=\"https:\/\/unsplash.com\/\">https:\/\/unsplash.com\/<\/a> ou encore dans les photos sous licence Creative Commons demandant simplement une citation de la source.<\/p>\n<p>Vous pouvez faire une recherche pour ce types d&rsquo;images sur Google Images, en cliquant sur \u00ab\u00a0Outils\u00a0\u00bb =&gt; Droits d&rsquo;usage =&gt; licence Creative Commons.<\/p>\n<h3>Document d&rsquo;une ou 2 pages A4<\/h3>\n<p>R\u00e9alisez un document Word (ou \u00e9quivalent, pas de PDF) d&rsquo;une page maximum reprenant : votre section, la composition de votre groupe, le sujet de votre projet et une description de celui-ci \u00e0 destination des enseignants qui voudraient utiliser votre pr\u00e9sentation dans le cadre de leur cours.<\/p>\n<p>Ce document sera mis en ligne. Une fois de plus, faites attention aux droits d&rsquo;utilisation des images qui ne vous appartiennent pas.<\/p>\n<p>Vous pouvez chercher une image d&rsquo;illustration dans les banques de photos libres de droit telles que <a href=\"https:\/\/unsplash.com\/\">https:\/\/unsplash.com\/<\/a> ou encore dans les photos sous licence Creative Commons demandant simplement une citation de la source.<\/p>\n<p>Vous pouvez faire une recherche pour ce types d&rsquo;images sur Google Images, en cliquant sur \u00ab\u00a0Outils\u00a0\u00bb =&gt; Droits d&rsquo;usage =&gt; licence Creative Commons.[\/vc_column_text][\/vc_tta_section][vc_tta_section title=\u00a0\u00bbComment envoyer vos documents et vid\u00e9os\u00a0\u00bb tab_id=\u00a0\u00bb1613921886957-c8ad9b77-2b19&Prime;][vc_cta h2=\u00a0\u00bbEnvoi des documents\u00a0\u00bb txt_align=\u00a0\u00bbcenter\u00a0\u00bb color=\u00a0\u00bbjuicy-pink\u00a0\u00bb css=\u00a0\u00bb\u00a0\u00bb]\n<div style=\"color: black;\">\n<p>Vous envoyez l&rsquo;ensemble de vos fichiers dans un dossier que vous cr\u00e9erez ici (au format \u00ab\u00a0Nom des \u00e9tudiants : Nom du projet\u00a0\u00bb) : <a href=\"https:\/\/universitelibrebruxelles.sharepoint.com\/:f:\/s\/GRP_PDS22FichiersExpo\/EsHuY1fFFCdGhnKQkHc4ZekB0kG7q69EVg9Luk9uzpqD9A?e=Oc0pt6\">https:\/\/universitelibrebruxelles.sharepoint.com\/:f:\/s\/GRP_PDS22FichiersExpo\/EsHuY1fFFCdGhnKQkHc4ZekB0kG7q69EVg9Luk9uzpqD9A?e=Oc0pt6<\/a><\/p>\n<p>Vous <strong>ne devez pas<\/strong> faire de demande d&rsquo;acc\u00e8s, vous avez le droit d&rsquo;y acc\u00e9der d\u00e8s que vous vous connectez avec votre compte ULB-Microsoft<\/p>\n<p>Pour les \u00e9tudiants de la HEFF et la HE2B (et uniquement ceux-ci), vous pouvez envoyer vos documents par WeTransfer \u00e0 l&rsquo;adresse <a href=\"mailto:inforsciences@ulb.be\">inforsciences@ulb.be<\/a><\/p>\n<\/div>\n<p><img loading=\"lazy\" decoding=\"async\" class=\"wp-image-3557 size-large aligncenter\" src=\"https:\/\/sciences.brussels\/printemps\/wp-content\/uploads\/sites\/2\/2021\/03\/Envoidevideo-1024x409.png\" alt=\"\" width=\"1024\" height=\"409\" srcset=\"https:\/\/sciences.brussels\/printemps\/wp-content\/uploads\/sites\/2\/2021\/03\/Envoidevideo-1024x409.png 1024w, https:\/\/sciences.brussels\/printemps\/wp-content\/uploads\/sites\/2\/2021\/03\/Envoidevideo-300x120.png 300w, https:\/\/sciences.brussels\/printemps\/wp-content\/uploads\/sites\/2\/2021\/03\/Envoidevideo-768x307.png 768w, https:\/\/sciences.brussels\/printemps\/wp-content\/uploads\/sites\/2\/2021\/03\/Envoidevideo-1536x614.png 1536w, https:\/\/sciences.brussels\/printemps\/wp-content\/uploads\/sites\/2\/2021\/03\/Envoidevideo-200x80.png 200w, https:\/\/sciences.brussels\/printemps\/wp-content\/uploads\/sites\/2\/2021\/03\/Envoidevideo.png 1890w\" sizes=\"auto, (max-width: 1024px) 100vw, 1024px\" \/><\/p>\n<div style=\"color: black;\">Vous cliquez sur votre discipline, puis sur \u00ab\u00a0Nouveau\u00a0\u00bb. Ensuite vous cliquez sur le dossier que vous avez cr\u00e9\u00e9 \u00e0 votre nom, puis sur \u00ab\u00a0Charger\u00a0\u00bb, \u00ab\u00a0Dossier\u00a0\u00bb et vous s\u00e9lectionnez le dossier que vous souhaitez envoyer.<\/div>\n<div id=\"ConnectiveDocSignExtentionInstalled\" data-extension-version=\"1.0.4\"><\/div>\n[\/vc_cta][\/vc_tta_section][vc_tta_section title=\u00a0\u00bbVid\u00e9o\u00a0\u00bb tab_id=\u00a0\u00bb1613656856990-ecc3eafd-0348&Prime;][vc_column_text css=\u00a0\u00bb.vc_custom_1638458782258{padding-top: 20px !important;padding-right: 20px !important;padding-bottom: 20px !important;padding-left: 20px !important;}\u00a0\u00bb]Une\u00a0<strong>vid\u00e9o \u00ab\u00a0grand-public\u00a0\u00bb<\/strong>, c\u2019est \u00e0 dire accessible \u00e0 toutes \u00e0 tous, sans formation scientifique particuli\u00e8re, de maximum 5 minutes, dans laquelle vous introduirez votre sujet et pr\u00e9senterez votre dispositif exp\u00e9rimental si vous en avez un. Cette vid\u00e9o servira de \u00ab vitrine \u00bb pour votre exp\u00e9rience.<\/p>\n<ul>\n<li>Dur\u00e9e : entre 2 et 5 minutes<\/li>\n<li>Niveau : Grand-public, accessible \u00e0 toutes et tous sans bagage scientifique, y compris les \u00e9l\u00e8ves.<\/li>\n<\/ul>\n[\/vc_column_text][vc_column_text css=\u00a0\u00bb\u00a0\u00bb]\n<h3>Visuels \u00e0 int\u00e9grer \u00e0 int\u00e9grer au d\u00e9but de votre vid\u00e9o<\/h3>\n<p>Vous devez int\u00e9grer deux \u00e9l\u00e9ments g\u00e9n\u00e9raux \u00e0 votre vid\u00e9o :<\/p>\n<p>Une introduction vid\u00e9o qui doit \u00eatre la premi\u00e8re chose qui s&rsquo;affiche dans votre montage :<\/p>\n<ul>\n<li>T\u00e9l\u00e9charger l&rsquo;introduction : <a href=\"https:\/\/sciences.brussels\/docs\/PDS26\/Intro_PDS26.mp4\">https:\/\/sciences.brussels\/docs\/PDS26\/Intro_PDS26.mp4<\/a><\/li>\n<\/ul>\n<p>Une slide reprenant vos informations :<\/p>\n<ul>\n<li>T\u00e9l\u00e9charger le mod\u00e8le Powerpoint : <a href=\"https:\/\/sciences.brussels\/docs\/PDS26\/Slide_intro_2026.pptx\">https:\/\/sciences.brussels\/docs\/PDS26\/Slide_intro_2026.pptx<\/a><\/li>\n<\/ul>\n<p>La slide <strong>doit<\/strong> appara\u00eetre au d\u00e9but de votre vid\u00e9o pendant 5s.<\/p>\n<p>Utilisez Powerpoint pour modifier vos informations dans la slide et l&rsquo;exporter en tant qu&rsquo;image (faisable dans la version en ligne de Powerpoint \u00e0 laquelle vous avez toutes et tous acc\u00e8s [ Dans le menu fichier, selectionner \u00ab\u00a0Enregistrer sous\u00a0\u00bb et puis \u00ab\u00a0T\u00e9l\u00e9charger en tant qu&rsquo;images\u00a0\u00bb] ) afin de les int\u00e9grer dans votre montage vid\u00e9o.[\/vc_column_text][vc_column_text]\n<h2>Quelques conseils<\/h2>\n<h3>Pr\u00e9parez votre tournage \u00e0 l&rsquo;avance<\/h3>\n<p>Ce que vous allez dire, ce qui sera visible \u00e0 l&rsquo;\u00e9cran \u00e0 chaque instant ( l&rsquo;exp\u00e9rience, un plan face cam\u00e9ra, un plan d&rsquo;illustration, une image, une autre vid\u00e9o d&rsquo;exemple,&#8230; faites \u00e9galement attention \u00e0 l&rsquo;arri\u00e8re-plan !), pr\u00e9voyez les encha\u00eenements, &#8230; La pr\u00e9paration est la partie la plus importante et la plus complexe de votre vid\u00e9o !<\/p>\n<h3>Au niveau du mat\u00e9riel<\/h3>\n<p>Vous pouvez utiliser ce que vous avez : la plupart des smartphones modernes sont capables de produire une image correcte pour peu que la sc\u00e8ne soit \u00e9clair\u00e9e suffisamment. <strong>Pensez \u00e9galement au son<\/strong>, si le son de votre t\u00e9l\u00e9phone\/cam\u00e9ra est suffisamment bon vous pouvez utiliser une prise directe, sinon il faudra passer par un doublage de la bande-son avec un meilleur micro.<\/p>\n<p>Inforsciences dispose de 10 micros-cravate Rode SmartLav+, compatibles smartphone et ordinateur (connexion par connecteur \u00ab\u00a0jack\u00a0\u00bb 3,5mm). Si vous souhaitez en emprunter un (pour une dur\u00e9e maximale de 2 jours sauf circonstances particuli\u00e8res), envoyez-moi un e-mail : <a href=\"mailto:tanguy.varrasse@ulb.ac.be\">tanguy.varrasse@ulb.ac.be<\/a><\/p>\n<p>Vous trouverez les plages d\u00e9j\u00e0 r\u00e9serv\u00e9es ci-dessous pour les diff\u00e9rents mat\u00e9riels que nous vous proposons. Un calendrier vide veut dire que nous n\u2019avons aucune demande pour le moment !<\/p>\n<p><iframe loading=\"lazy\" style=\"border-width: 0; text-align: center;\" src=\"https:\/\/calendar.google.com\/calendar\/embed?height=600&amp;wkst=2&amp;bgcolor=%23ffffff&amp;ctz=Europe%2FBrussels&amp;src=ZThwdm1mcDN0bzd2NTZpb3FpcTVxNWdib2tAZ3JvdXAuY2FsZW5kYXIuZ29vZ2xlLmNvbQ&amp;color=%23F6BF26&amp;hl=fr&amp;showNav=1&amp;showTitle=0&amp;showPrint=0&amp;showTabs=0&amp;showCalendars=0&amp;showTz=1&amp;mode=MONTH\" width=\"800\" height=\"600\" frameborder=\"0\" scrolling=\"no\"><\/iframe><\/p>\n<h3>Pour le montage<\/h3>\n<p>\u00c0 nouveau, vous utilisez l&rsquo;outil qui vous convient le mieux. Il existe une multitude d&rsquo;outils gratuits sur Windows et Mac OS, du plus simple \u00e0 utiliser au logiciel de montage professionnel le plus avanc\u00e9. Le logiciel recommand\u00e9 est ShotCut, logiciel gratuit et open-source que vous pouvez t\u00e9l\u00e9charger ici : <a href=\"https:\/\/shotcut.org\/download\/\">https:\/\/shotcut.org\/download\/<\/a><\/p>\n<p>Un guide des \u00ab\u00a0premiers pas\u00a0\u00bb est disponible ici : <a href=\"https:\/\/shotcut.org\/howtos\/getting-started\/Premier%20pas%20avec%20Shotcut.pdf\">https:\/\/shotcut.org\/howtos\/getting-started\/Premier%20pas%20avec%20Shotcut.pdf<\/a><\/p>\n<p>Le site et l&rsquo;installation se font en anglais mais le logiciel s&rsquo;adapte \u00e0 la langue du syst\u00e8me (le fran\u00e7ais est donc bien disponible)<\/p>\n<h3>L&rsquo;encodage<\/h3>\n<p>La cible est une diffusion sur Youtube en 1920&#215;1080 \u00e0 30 FPS (soit 1080p).<\/p>\n<p>Le fichier devra \u00eatre encod\u00e9 au format h264 avec un d\u00e9bit maximal de 12 Mbps pour la vid\u00e9o, et au format AAC-LC, fr\u00e9quence d\u2019\u00e9chantillonnage 44,1 kHz avec un d\u00e9bit maximal de 384 kbps pour la partie audio<\/p>\n<p>Il ne sert \u00e0 rien d&rsquo;exporter votre vid\u00e9o dans une r\u00e9solution sup\u00e9rieure ou avec un d\u00e9bit gigantesque.<\/p>\n<p>La plupart des logiciels d&rsquo;encodage disposent de pr\u00e9r\u00e9glages adapt\u00e9s \u00e0 Youtube mais v\u00e9rifiez quand m\u00eame que les param\u00e8tres ne d\u00e9passent ceux mentionn\u00e9s au-dessus, particuli\u00e8rement si le fichier est tr\u00e8s lourd. Plus de d\u00e9tails sur les recommandations techniques de Youtube <a href=\"https:\/\/support.google.com\/youtube\/answer\/1722171?hl=en#zippy=%2Ccontainer-mp%2Caudio-codec-aac-lc%2Cvideo-codec-h%2Cframe-rate%2Cbitrate%2Cresolution-and-aspect-ratio\">ici<\/a><\/p>\n<h3>Les sources<\/h3>\n<p>Si vous utilisez du contenu qui ne vous appartient pas, veillez \u00e0 respecter les droits relatifs aux documents(images, vid\u00e9os, textes) utilis\u00e9s. Un guide est disponible sur le site RacourSci mentionn\u00e9 plus loin.<\/p>\n<p>Si vous avez un doute, n&rsquo;h\u00e9sitez pas \u00e0 me contacter : <a href=\"mailto:tanguy.varrasse@ulb.be\">tanguy.varrasse@ulb.be<\/a><\/p>\n<h3>Des questions ?<\/h3>\n<p>\u00c0 nouveau, si vous ne trouvez pas de r\u00e9ponses \u00e0 vos questions concernant la vid\u00e9o apr\u00e8s avoir fait appel \u00e0 vos ressources habituelles, vous pouvez m&rsquo;adresser vos questions par mail. Si les questions et leurs r\u00e9ponses ont un int\u00e9r\u00eat pour tous et toutes, je les ajouterais ici. Je ne pourrai cependant pas vous aider \u00e0 l&rsquo;utilisation des logiciels de montage, il y a trop de possibilit\u00e9s.<\/p>\n<h3>Plus de conseils<\/h3>\n<p>Regardez la vid\u00e9o de Viviane Lalande, de la cha\u00eene Scilabus, sur la cr\u00e9ation d&rsquo;une vid\u00e9o de vulgarisation : <a href=\"https:\/\/www.youtube.com\/watch?v=c3dKWujygDQ\">https:\/\/www.youtube.com\/watch?v=c3dKWujygDQ<\/a><\/p>\n<p>En g\u00e9n\u00e9ral, le site et la cha\u00eene Youtube RaccourSci sur lequel la vid\u00e9o est h\u00e9b\u00e9rg\u00e9e regorge de conseils : <a href=\"https:\/\/www.raccoursci.com\/\">https:\/\/www.raccoursci.com\/<\/a> et <a href=\"https:\/\/www.youtube.com\/channel\/UC9bRrsbOKuj65GZY2O5yWrw\/videos\">https:\/\/www.youtube.com\/channel\/UC9bRrsbOKuj65GZY2O5yWrw\/videos<\/a>[\/vc_column_text][\/vc_tta_section][\/vc_tta_accordion][\/vc_column][vc_column width=\u00a0\u00bb1\/3&Prime; css=\u00a0\u00bb.vc_custom_1761662947692{background-color: rgba(0,0,0,0.6) !important;*background-color: rgb(0,0,0) !important;border-radius: 3px !important;}\u00a0\u00bb][vc_column_text css=\u00a0\u00bb\u00a0\u00bb]\n<h2>Calendrier<\/h2>\n<p>SOUS R\u00c9SERVE DE MODIFICATIONS<\/p>\n<h2>Dates importantes<\/h2>\n<ul>\n<li><strong>29<\/strong><strong> octobre<\/strong>\u00a0: Inforsciences envoie les templates pour les posters et les vid\u00e9os (disponible sur le site).<\/li>\n<li><strong>26 janvier<\/strong>\u00a0:<\/li>\n<\/ul>\n<ul>\n<li>Liste avec titre\u00a0des\u00a0stands\/vid\u00e9os,<\/li>\n<li>Courtes\u00a0descriptions \u00e0 mettre dans le programme.<\/li>\n<li>Nombre de tables\/chaises (nombre de personnes en m\u00eame temps sur le stand).<\/li>\n<\/ul>\n<ul>\n<li><strong>24 f\u00e9vrier<\/strong>\u00a0:<\/li>\n<\/ul>\n<ul>\n<li>Les demandes logistiques (\u00e9lectricit\u00e9, internet, eau, \u00e9cran, \u2026 ) ou ayant un impact de s\u00e9curit\u00e9 (Flammes\/azote\/produits chimiques\/\u2026.).<\/li>\n<li>Nombre de posters par stand.<\/li>\n<\/ul>\n<ul>\n<li><strong>9 mars\u00a0:<\/strong> Information n\u00e9cessaires assurance (voir vademecum).<\/li>\n<\/ul>\n<ul>\n<li><strong>13 mars<\/strong>\u00a0: Tous les documents (posters, documents p\u00e9dagogiques, vid\u00e9os) doivent \u00eatre envoy\u00e9s au plus tard pour cette date.\u00a0 Nous rappelons qu\u2019il s\u2019agit g\u00e9n\u00e9ralement de \u00a02 posters par stand.<\/li>\n<li><strong>16 mars<\/strong> : demandes concernant le transport (voir vademecum).<\/li>\n<li><strong>19 mars<\/strong> : d\u00e9p\u00f4t du mat\u00e9riel \u00e0 transporter (voir vademecum).<\/li>\n<li><strong>23-29 mars<\/strong> : L&rsquo;exposition est ouverte au public (y compris le samedi et le dimanche)<\/li>\n<li><strong>30 avril<\/strong>\u00a0: Date limite de remboursement des d\u00e9penses autoris\u00e9es.\n<ul>\n<li>Proc\u00e9dure d\u2019autorisation de d\u00e9penses (voir vademecum)<\/li>\n<\/ul>\n<\/li>\n<\/ul>\n<h3>Horaire d\u00e9taill\u00e9 de l&rsquo;Exposition :<\/h3>\n<p>Montage de votre stand :<\/p>\n<p>9h \u00e0 12h30<\/p>\n<p>Ouverture au public :<\/p>\n<table>\n<tbody>\n<tr>\n<td>Lundi 23 mars<\/td>\n<td>13h &gt; 16h00<\/td>\n<\/tr>\n<tr>\n<td>Mardi 24 mars<\/td>\n<td>9h &gt; 12h ; 13h &gt; 16h30<\/td>\n<\/tr>\n<tr>\n<td>Mercredi 25 mars<\/td>\n<td>9h &gt; 12h ; 13h &gt; 16h30<\/td>\n<\/tr>\n<tr>\n<td>Jeudi 26 mars<\/td>\n<td>9h &gt; 12h ; 13h &gt; 16h30<\/td>\n<\/tr>\n<tr>\n<td>Vendredi 27 mars<\/td>\n<td>9h &gt; 12h ; 13h &gt; 16h30<\/td>\n<\/tr>\n<tr>\n<td>Samedi 28 mars<\/td>\n<td>13h &gt; 18h<\/td>\n<\/tr>\n<tr>\n<td>Dimanche 29 mars<\/td>\n<td>13h &gt; 18h<\/td>\n<\/tr>\n<\/tbody>\n<\/table>\n<p>&nbsp;<\/p>\n<p>D\u00e9montage de votre stand : 18h \u00e0 19h[\/vc_column_text][vc_video link=\u00a0\u00bbhttps:\/\/youtu.be\/OT8OfIVCHKU\u00a0\u00bb css=\u00a0\u00bb\u00a0\u00bb][vc_video link=\u00a0\u00bbhttps:\/\/youtu.be\/3xwemwlyV7E\u00a0\u00bb][\/vc_column][\/vc_row]\n<\/div>","protected":false},"excerpt":{"rendered":"<p>[vc_row margin_top=\u00a0\u00bb0&Prime; margin_bottom=\u00a0\u00bb0&Prime; css=\u00a0\u00bb.vc_custom_1606313736243{margin-bottom: 0px !important;}\u00a0\u00bb][vc_column width=\u00a0\u00bb2\/3&Prime; css=\u00a0\u00bb.vc_custom_1761662962292{background-color: rgba(0,0,0,0.6) !important;*background-color: rgb(0,0,0) !important;border-radius: 3px !important;}\u00a0\u00bb][vc_column_text css=\u00a0\u00bb\u00a0\u00bb] L&rsquo;exposition des Sciences Une exposition de projets \u00e9tudiants L\u2019Exposition des Sciences pr\u00e9sente des projets con\u00e7us par des \u00e9tudiants de l\u2019ULB et des Hautes \u00c9coles. Permettant la rencontre entre les visiteurs et les jeunes scientifiques, l\u2019exposition vous propose de d\u00e9couvrir les&hellip;<\/p>\n","protected":false},"author":10,"featured_media":0,"parent":0,"menu_order":0,"comment_status":"closed","ping_status":"closed","template":"","meta":{"footnotes":""},"class_list":["post-3916","page","type-page","status-publish","hentry","description-off"],"_links":{"self":[{"href":"https:\/\/sciences.brussels\/printemps\/wp-json\/wp\/v2\/pages\/3916"}],"collection":[{"href":"https:\/\/sciences.brussels\/printemps\/wp-json\/wp\/v2\/pages"}],"about":[{"href":"https:\/\/sciences.brussels\/printemps\/wp-json\/wp\/v2\/types\/page"}],"author":[{"embeddable":true,"href":"https:\/\/sciences.brussels\/printemps\/wp-json\/wp\/v2\/users\/10"}],"replies":[{"embeddable":true,"href":"https:\/\/sciences.brussels\/printemps\/wp-json\/wp\/v2\/comments?post=3916"}],"version-history":[{"count":57,"href":"https:\/\/sciences.brussels\/printemps\/wp-json\/wp\/v2\/pages\/3916\/revisions"}],"predecessor-version":[{"id":9451,"href":"https:\/\/sciences.brussels\/printemps\/wp-json\/wp\/v2\/pages\/3916\/revisions\/9451"}],"wp:attachment":[{"href":"https:\/\/sciences.brussels\/printemps\/wp-json\/wp\/v2\/media?parent=3916"}],"curies":[{"name":"wp","href":"https:\/\/api.w.org\/{rel}","templated":true}]}}